{"id":13278,"date":"2021-02-27T02:39:12","date_gmt":"2021-02-26T23:39:12","guid":{"rendered":"https:\/\/www.ambalajbursa.com\/magaza\/?page_id=13278"},"modified":"2021-05-30T16:46:57","modified_gmt":"2021-05-30T13:46:57","slug":"hakkimizda","status":"publish","type":"page","link":"https:\/\/ambalajbursa.com\/magaza\/hakkimizda\/","title":{"rendered":"Hakk\u0131m\u0131zda"},"content":{"rendered":"<p>Firmam\u0131z:<\/p>\n\n\n<h2 class=\"wp-block-heading\">\u015eEYMA AMBALAJ ve ET\u0130KET<\/h2>\n\n\n\n<p><strong>\u0130nternet Sitemiz<\/strong>: <strong><span style=\"color:#ff4c00\" class=\"has-inline-color\"><a href=\"http:\/\/ambaljbursa.com\/\" target=\"_blank\" rel=\"noreferrer noopener nofollow\">Ambalaj Bursa<\/a> &#8211; <a href=\"http:\/\/etiketbursa.com\/\" target=\"_blank\" rel=\"noreferrer noopener nofollow\">Etiket Bursa<\/a><\/span><\/strong><\/p>\n\n\n\n<p><strong>\u0130leti\u015fim Bilgilerimiz:<\/strong> Nam\u0131k Kemal Mh. Nam\u0131k Kemal Cd. No: 61\/A Osmangazi \/ Bursa \/ T\u00fcrkiye<br>Tel: 0224 253 60 94 &#8211; 0544 253 60 94<\/p>\n\n\n\n<p><br>Firmam\u0131z 1994 y\u0131l\u0131nda \u015eeyma Etiket olarak, dokuma etiket ile faaliyete ba\u015flad\u0131.<br>Y\u00fcksek performansa sahip makinelerle ve kalifiye ekibimizin prensipli \u00e7al\u0131\u015fmas\u0131 sayesinde, firmam\u0131z en kaliteli \u00fcretim yapan firma durumuna geldi.<br><br>&nbsp;&nbsp;&nbsp;&nbsp;&nbsp;&nbsp;&nbsp;De\u011ferli m\u00fc\u015fterilerimizin bizi ayn\u0131 zamanda karton etikete y\u00f6neltmesi sayesinde 1997 y\u0131l\u0131nda matbaa kurduk. Firmalar\u0131n dokuma etiket ve karton etiket ihtiyac\u0131n\u0131 ve t\u00fcm matbaada yap\u0131lmas\u0131 gerekenleri firmam\u0131zda \u00fcretmeye ba\u015flad\u0131k.<br><br>&nbsp;&nbsp;&nbsp;&nbsp;&nbsp;&nbsp;&nbsp;2000 y\u0131l\u0131nda Bursa&#8217;da karton \u00e7anta \u00fcretiminin yeterli olmad\u0131\u011f\u0131n\u0131 g\u00f6rd\u00fc\u011f\u00fcm\u00fczde h\u0131zla \u00e7al\u0131\u015fmalar\u0131m\u0131z\u0131 ilerlettik. <br>Firmam\u0131za ambalaj b\u00f6l\u00fcm\u00fc ekleyerek <br>Firmam\u0131z\u0131 <strong>\u015eEYMA AMBALAJ ve ET\u0130KET<\/strong> olarak ticari \u00fcnvan\u0131m\u0131za katt\u0131k.<br>Ayl\u0131k kapasitemizi t\u00fcm T\u00fcrkiye geneline yayarak, 100.000 adede \u00e7\u0131kard\u0131k.<br>&nbsp;&nbsp;&nbsp;&nbsp;&nbsp;&nbsp;&nbsp;Son sistem ve yeterli ofset makine parkurumuz ile Bursa&#8217;da en y\u00fcksek \u00fcretim kapasitesine ula\u015ft\u0131k. Siz de\u011ferli m\u00fc\u015fterilerimizin iste\u011fi ve ihtiya\u00e7lar\u0131 do\u011frultusunda bu \u00fcretim kapasitemizi 3 kat daha artt\u0131rmay\u0131 hedefliyoruz.<\/p>\n\n\n\n<p>&nbsp;&nbsp;&nbsp;&nbsp;&nbsp;&nbsp;&nbsp;&nbsp;&nbsp;\u00dcRET\u0130M ALANLARIMIZ;<br>&nbsp;Karton \u00e7anta;<br>Elimizdeki \u00e7ok \u00e7e\u015fit karton \u00e7anta b\u0131\u00e7ak ile firmalara kal\u0131p \u00fccreti yans\u0131tmadan G\u00f6mlek\u00e7i, ayakkab\u0131c\u0131, konfeksiyon, dershane, okul, \u00f6zel okullara, s\u00fcr\u00fcc\u00fc kursu ve e\u011fitim kurumlar\u0131, kuyumcu, g\u00f6zl\u00fck\u00e7\u00fc, saat\u00e7i ve kozmetik \u00fcr\u00fcnleri satan firmalara, Fuarlara kat\u0131lan firmalar\u0131n karton \u00e7anta ihtiya\u00e7lar\u0131n\u0131 kar\u015f\u0131lamaktay\u0131z.&nbsp;&nbsp;&nbsp;&nbsp;&nbsp;&nbsp;&nbsp;&nbsp;&nbsp;&nbsp;&nbsp;&nbsp;&nbsp;&nbsp;&nbsp;&nbsp;&nbsp;&nbsp;&nbsp;&nbsp;&nbsp;&nbsp;&nbsp;&nbsp;&nbsp;&nbsp;&nbsp;&nbsp;&nbsp;&nbsp;&nbsp;&nbsp;&nbsp;&nbsp;&nbsp;&nbsp;&nbsp;&nbsp;&nbsp;&nbsp;&nbsp;&nbsp;&nbsp;&nbsp;&nbsp;&nbsp;&nbsp;&nbsp;&nbsp;<br>Karton kutu;<br>Pastane kutular\u0131n\u0131n t\u00fcm \u00e7e\u015fitlerini, kebap ve lahmacun kutular\u0131, t\u00fcm i\u00e7ecek ve g\u0131da kutular\u0131, otomotiv ve yan sanayi kutular\u0131, bilgisayar sarf malzeme kutular\u0131, ve ayr\u0131ca s\u0131vamal\u0131 oluklu kutular\u0131 da yaparak T\u00fcrkiye geneline adet s\u0131n\u0131rlamas\u0131 olmaks\u0131z\u0131n t\u00fcm firmalara hizmet vermekteyiz.<br><br>&nbsp;&nbsp;&nbsp;&nbsp;&nbsp;&nbsp;Siz de\u011ferli m\u00fc\u015fterilerimizin bask\u0131l\u0131 naylon po\u015fet talepleri dikkate al\u0131n\u0131p bununla ilgili \u00e7al\u0131\u015fmalar\u0131m\u0131z halen devam etmektedir.<br>\u015eeyma Etiket, Ofset Matbaa ve Ambalaj olarak karton \u00e7antan\u0131n \u00e7ok fazla ebad\u0131 mevcut olup karton kutuda genel kullan\u0131ml\u0131 haz\u0131r kutu ebad\u0131 olarak \u00e7ok \u00e7e\u015fit ebatlar\u0131 mevcuttur.<br>T\u00fcm matbaalara ve ajanslara bayilik vermekteyiz<br><\/p>\n","protected":false},"excerpt":{"rendered":"<p>Firmam\u0131z: \u015eEYMA AMBALAJ ve ET\u0130KET \u0130nternet Sitemiz: Ambalaj Bursa &#8211; Etiket Bursa \u0130leti\u015fim Bilgilerimiz: Nam\u0131k Kemal Mh. Nam\u0131k Kemal Cd. No: 61\/A Osmangazi \/ Bursa \/ T\u00fcrkiyeTel: 0224 253 60 94 &#8211; 0544 253 60 94 Firmam\u0131z 1994 y\u0131l\u0131nda \u015eeyma Etiket olarak, dokuma etiket ile faaliyete ba\u015flad\u0131.Y\u00fcksek performansa sahip makinelerle ve kalifiye ekibimizin prensipli \u00e7al\u0131\u015fmas\u0131 [&hellip;]<\/p>\n","protected":false},"author":1,"featured_media":0,"parent":0,"menu_order":0,"comment_status":"closed","ping_status":"closed","template":"","meta":{"footnotes":""},"class_list":["post-13278","page","type-page","status-publish","hentry","entry","owp-thumbs-layout-vertical","owp-btn-normal","owp-tabs-layout-horizontal","has-no-thumbnails","has-product-nav","circle-sale"],"_links":{"self":[{"href":"https:\/\/ambalajbursa.com\/magaza\/wp-json\/wp\/v2\/pages\/13278","targetHints":{"allow":["GET"]}}],"collection":[{"href":"https:\/\/ambalajbursa.com\/magaza\/wp-json\/wp\/v2\/pages"}],"about":[{"href":"https:\/\/ambalajbursa.com\/magaza\/wp-json\/wp\/v2\/types\/page"}],"author":[{"embeddable":true,"href":"https:\/\/ambalajbursa.com\/magaza\/wp-json\/wp\/v2\/users\/1"}],"replies":[{"embeddable":true,"href":"https:\/\/ambalajbursa.com\/magaza\/wp-json\/wp\/v2\/comments?post=13278"}],"version-history":[{"count":0,"href":"https:\/\/ambalajbursa.com\/magaza\/wp-json\/wp\/v2\/pages\/13278\/revisions"}],"wp:attachment":[{"href":"https:\/\/ambalajbursa.com\/magaza\/wp-json\/wp\/v2\/media?parent=13278"}],"curies":[{"name":"wp","href":"https:\/\/api.w.org\/{rel}","templated":true}]}}